{"version":"1.0","provider_name":"O Coerente","provider_url":"https:\/\/ocoerente.com.br\/se","author_name":"Reda\u00e7\u00e3o","author_url":"https:\/\/ocoerente.com.br\/se\/author\/vasticlsales\/","title":"Ver\u00e3o Sergipe j\u00e1 aquece cadeia econ\u00f4mica no estado - O Coerente","type":"rich","width":600,"height":338,"html":"<blockquote class=\"wp-embedded-content\" data-secret=\"9goN9csrEI\"><a href=\"https:\/\/ocoerente.com.br\/se\/2024\/01\/13\/verao-sergipe-ja-aquece-cadeia-economica-no-estado\/\">Ver\u00e3o Sergipe j\u00e1 aquece cadeia econ\u00f4mica no estado<\/a><\/blockquote><iframe sandbox=\"allow-scripts\" security=\"restricted\" src=\"https:\/\/ocoerente.com.br\/se\/2024\/01\/13\/verao-sergipe-ja-aquece-cadeia-economica-no-estado\/embed\/#?secret=9goN9csrEI\" width=\"600\" height=\"338\" title=\"&#8220;Ver\u00e3o Sergipe j\u00e1 aquece cadeia econ\u00f4mica no estado&#8221; &#8212; O Coerente\" data-secret=\"9goN9csrEI\" frameborder=\"0\" marginwidth=\"0\" marginheight=\"0\" scrolling=\"no\" class=\"wp-embedded-content\"><\/iframe><script type=\"text\/javascript\">\n\/* <![CDATA[ *\/\n\/*! This file is auto-generated *\/\n!function(d,l){\"use strict\";l.querySelector&&d.addEventListener&&\"undefined\"!=typeof URL&&(d.wp=d.wp||{},d.wp.receiveEmbedMessage||(d.wp.receiveEmbedMessage=function(e){var t=e.data;if((t||t.secret||t.message||t.value)&&!\/[^a-zA-Z0-9]\/.test(t.secret)){for(var s,r,n,a=l.querySelectorAll('iframe[data-secret=\"'+t.secret+'\"]'),o=l.querySelectorAll('blockquote[data-secret=\"'+t.secret+'\"]'),c=new RegExp(\"^https?:$\",\"i\"),i=0;i<o.length;i++)o[i].style.display=\"none\";for(i=0;i<a.length;i++)s=a[i],e.source===s.contentWindow&&(s.removeAttribute(\"style\"),\"height\"===t.message?(1e3<(r=parseInt(t.value,10))?r=1e3:~~r<200&&(r=200),s.height=r):\"link\"===t.message&&(r=new URL(s.getAttribute(\"src\")),n=new URL(t.value),c.test(n.protocol))&&n.host===r.host&&l.activeElement===s&&(d.top.location.href=t.value))}},d.addEventListener(\"message\",d.wp.receiveEmbedMessage,!1),l.addEventListener(\"DOMContentLoaded\",function(){for(var e,t,s=l.querySelectorAll(\"iframe.wp-embedded-content\"),r=0;r<s.length;r++)(t=(e=s[r]).getAttribute(\"data-secret\"))||(t=Math.random().toString(36).substring(2,12),e.src+=\"#?secret=\"+t,e.setAttribute(\"data-secret\",t)),e.contentWindow.postMessage({message:\"ready\",secret:t},\"*\")},!1)))}(window,document);\n\/\/# sourceURL=https:\/\/ocoerente.com.br\/se\/wp-includes\/js\/wp-embed.min.js\n\/* ]]> *\/\n<\/script>\n","thumbnail_url":"https:\/\/ocoerente.com.br\/se\/wp-content\/uploads\/2024\/01\/pirambuuu.jpg","thumbnail_width":1100,"thumbnail_height":610,"description":"Governo tem investido na realiza\u00e7\u00e3o de grandes eventos como ferramenta de fomento ao turismo e \u00e0 economia A incorpora\u00e7\u00e3o do turismo como pol\u00edtica governamental tem sido uma estrat\u00e9gia adotada pelo Governo de Sergipe sob a perspectiva de fortalecer o setor econ\u00f4mico no estado. Demonstra\u00e7\u00e3o disso \u00e9 o constante investimento da gest\u00e3o estadual na realiza\u00e7\u00e3o de [&hellip;]"}