{"version":"1.0","provider_name":"O Coerente","provider_url":"https:\/\/ocoerente.com.br\/se","author_name":"Reda\u00e7\u00e3o","author_url":"https:\/\/ocoerente.com.br\/se\/author\/vasticlsales\/","title":"CONVITE: lan\u00e7amento do Forr\u00f3 Caju em Casa 2021 - O Coerente","type":"rich","width":600,"height":338,"html":"<blockquote class=\"wp-embedded-content\" data-secret=\"irHJiEeud2\"><a href=\"https:\/\/ocoerente.com.br\/se\/2021\/05\/18\/convite-lancamento-do-forro-caju-em-casa-2021\/\">CONVITE: lan\u00e7amento do Forr\u00f3 Caju em Casa 2021<\/a><\/blockquote><iframe sandbox=\"allow-scripts\" security=\"restricted\" src=\"https:\/\/ocoerente.com.br\/se\/2021\/05\/18\/convite-lancamento-do-forro-caju-em-casa-2021\/embed\/#?secret=irHJiEeud2\" width=\"600\" height=\"338\" title=\"&#8220;CONVITE: lan\u00e7amento do Forr\u00f3 Caju em Casa 2021&#8221; &#8212; O Coerente\" data-secret=\"irHJiEeud2\" frameborder=\"0\" marginwidth=\"0\" marginheight=\"0\" scrolling=\"no\" class=\"wp-embedded-content\"><\/iframe><script type=\"text\/javascript\">\n\/* <![CDATA[ *\/\n\/*! This file is auto-generated *\/\n!function(d,l){\"use strict\";l.querySelector&&d.addEventListener&&\"undefined\"!=typeof URL&&(d.wp=d.wp||{},d.wp.receiveEmbedMessage||(d.wp.receiveEmbedMessage=function(e){var t=e.data;if((t||t.secret||t.message||t.value)&&!\/[^a-zA-Z0-9]\/.test(t.secret)){for(var s,r,n,a=l.querySelectorAll('iframe[data-secret=\"'+t.secret+'\"]'),o=l.querySelectorAll('blockquote[data-secret=\"'+t.secret+'\"]'),c=new RegExp(\"^https?:$\",\"i\"),i=0;i<o.length;i++)o[i].style.display=\"none\";for(i=0;i<a.length;i++)s=a[i],e.source===s.contentWindow&&(s.removeAttribute(\"style\"),\"height\"===t.message?(1e3<(r=parseInt(t.value,10))?r=1e3:~~r<200&&(r=200),s.height=r):\"link\"===t.message&&(r=new URL(s.getAttribute(\"src\")),n=new URL(t.value),c.test(n.protocol))&&n.host===r.host&&l.activeElement===s&&(d.top.location.href=t.value))}},d.addEventListener(\"message\",d.wp.receiveEmbedMessage,!1),l.addEventListener(\"DOMContentLoaded\",function(){for(var e,t,s=l.querySelectorAll(\"iframe.wp-embedded-content\"),r=0;r<s.length;r++)(t=(e=s[r]).getAttribute(\"data-secret\"))||(t=Math.random().toString(36).substring(2,12),e.src+=\"#?secret=\"+t,e.setAttribute(\"data-secret\",t)),e.contentWindow.postMessage({message:\"ready\",secret:t},\"*\")},!1)))}(window,document);\n\/\/# sourceURL=https:\/\/ocoerente.com.br\/se\/wp-includes\/js\/wp-embed.min.js\n\/* ]]> *\/\n<\/script>\n","thumbnail_url":"https:\/\/ocoerente.com.br\/se\/wp-content\/uploads\/2021\/05\/site_1.png","thumbnail_width":1000,"thumbnail_height":1000,"description":"A Prefeitura de Aracaju convida a imprensa para o lan\u00e7amento do Forr\u00f3 Caju em Casa 2021. Os detalhes do edital ser\u00e3o apresentados pelo prefeito Edvaldo Nogueira, nesta ter\u00e7a-feira, dia 18, \u00e0s 11h, no audit\u00f3rio do Centro Administrativo Prefeito Alo\u00edsio Campos &#8211; sede da Prefeitura de Aracaju -, localizado na rua Frei Lu\u00eds Canelo de Noronha, [&hellip;]"}